{"id":1000,"date":"2019-04-01T22:18:44","date_gmt":"2019-06-27T15:23:27","guid":{"rendered":"https:\/\/walfilii.com\/?post_type=product&#038;p=1000"},"modified":"2019-08-20T12:44:35","modified_gmt":"2019-08-20T12:44:35","slug":"braseros-walfilii-en-acier-corten","status":"publish","type":"product","link":"https:\/\/walfilii.com\/fr\/produit\/braseros-walfilii-en-acier-corten\/","title":{"rendered":"Bras\u00e9ros WALFiLii en acier corten"},"content":{"rendered":"<h1>Quatre saisons, pas une en moins !<\/h1>\n<div class=\"formatp\">\n<div class=\"formaat_left\">Voulez-vous profiter un maximum de votre jardin et de votre terrasse ? Voulez-vous chasser le froid et allonger vos soir\u00e9es ? Griller de la viande, des marshmallows ou des ch\u00e2taignes ? Avec votre bras\u00e9ro en acier corten WALFiLii, vos d\u00e9sirs seront exauc\u00e9s. Le bras\u00e9ro n\u2019est pas seulement beau de par sa belle patine alt\u00e9r\u00e9e, mais il r\u00e9chauffe aussi corps et \u00e2me avec son jeu de flammes f\u00e9erique et cr\u00e9pitant.<\/div>\n<p>&nbsp;<\/p>\n<div class=\"formaat_left\"><strong>Qualit\u00e9 premium<\/strong><br \/>\nLes bras\u00e9ros WALFiLii sont en acier corten de haute qualit\u00e9 de 3 \u00e0 4 mm d\u2019\u00e9paisseur et sont disponibles en 5 formats diff\u00e9rents. \u00c9tant donn\u00e9 que les bras\u00e9ros pr\u00e9voient un anneau de cinq centim\u00e8tres, la coupe n\u2019est pas au contact direct du sol. Pour \u00e9viter que le sol ne chauffe, la coupe peut \u00eatre dot\u00e9e d\u2019un pied de 20, 60 ou 80 cm. De cette mani\u00e8re, la coupe sera flottante et la fum\u00e9e sera r\u00e9pandue en hauteur.<\/div>\n<div><\/div>\n<div class=\"formaat_left\">Entretien facile : utilisez du bois sec pour \u00e9viter la formation de fum\u00e9e d\u00e9sagr\u00e9able. Enlevez les cendres apr\u00e8s usage, la nature se chargera du reste.<\/div>\n<\/div>\n","protected":false},"excerpt":{"rendered":"<p>Mat\u00e9riau:\u00a0Acier corten type A<br \/>\n\u00c9paisseur: 3-4 mm et plus<br \/>\nDiam\u00e8tre: 5 formats diff\u00e9rents:<br \/>\n80cm &#8211; 100cm &#8211; 120cm &#8211; 150cm &#8211; 200cm<br \/>\nHauteur: 3 hauteurs de pied diff\u00e9rentes<br \/>\n20cm &#8211; 60cm &#8211; 80cm<\/p>\n<ul>\n<li>R\u00e9siste aux intemp\u00e9ries <\/li>\n<li>Fait main en Belgique<\/li>\n<li>Design intemporel<\/li>\n<li>De longues ann\u00e9es de plaisir \u00e0 l\u2019ap\u00e9ro et au barbecue<\/li>\n<\/ul>\n","protected":false},"featured_media":1370,"comment_status":"open","ping_status":"closed","template":"","meta":[],"product_cat":[191],"product_tag":[225],"yoast_head":"<!-- This site is optimized with the Yoast SEO plugin v24.5 - https:\/\/yoast.com\/wordpress\/plugins\/seo\/ -->\n<title>Bras\u00e9ros WALFiLii en acier corten - WALFiLii<\/title>\n<meta name=\"robots\" content=\"index, follow, max-snippet:-1, max-image-preview:large, max-video-preview:-1\" \/>\n<link rel=\"canonical\" href=\"https:\/\/walfilii.com\/fr\/produit\/braseros-walfilii-en-acier-corten\/\" \/>\n<meta property=\"og:locale\" content=\"fr_FR\" \/>\n<meta property=\"og:type\" content=\"article\" \/>\n<meta property=\"og:title\" content=\"Bras\u00e9ros WALFiLii en acier corten - WALFiLii\" \/>\n<meta property=\"og:description\" content=\"Mat\u00e9riau:\u00a0Acier corten type A \u00c9paisseur: 3-4 mm et plus Diam\u00e8tre: 5 formats diff\u00e9rents: 80cm - 100cm - 120cm - 150cm - 200cm Hauteur: 3 hauteurs de pied diff\u00e9rentes 20cm - 60cm - 80cm   R\u00e9siste aux intemp\u00e9ries   Fait main en Belgique  Design intemporel  De longues ann\u00e9es de plaisir \u00e0 l\u2019ap\u00e9ro et au barbecue\" \/>\n<meta property=\"og:url\" content=\"https:\/\/walfilii.com\/fr\/produit\/braseros-walfilii-en-acier-corten\/\" \/>\n<meta property=\"og:site_name\" content=\"WALFiLii\" \/>\n<meta property=\"article:publisher\" content=\"https:\/\/www.facebook.com\/walfilii\/\" \/>\n<meta property=\"article:modified_time\" content=\"2019-08-20T12:44:35+00:00\" \/>\n<meta property=\"og:image\" content=\"https:\/\/walfilii.com\/wp-content\/uploads\/2019\/03\/Walfilii-vuurschaal-Cortenstaal-tuin-terras-decoratie-design.jpg\" \/>\n\t<meta property=\"og:image:width\" content=\"2000\" \/>\n\t<meta property=\"og:image:height\" content=\"1055\" \/>\n\t<meta property=\"og:image:type\" content=\"image\/jpeg\" \/>\n<meta name=\"twitter:card\" content=\"summary_large_image\" \/>\n<meta name=\"twitter:label1\" content=\"Dur\u00e9e de lecture estim\u00e9e\" \/>\n\t<meta name=\"twitter:data1\" content=\"1 minute\" \/>\n<script type=\"application\/ld+json\" class=\"yoast-schema-graph\">{\"@context\":\"https:\/\/schema.org\",\"@graph\":[{\"@type\":\"WebPage\",\"@id\":\"https:\/\/walfilii.com\/fr\/produit\/braseros-walfilii-en-acier-corten\/\",\"url\":\"https:\/\/walfilii.com\/fr\/produit\/braseros-walfilii-en-acier-corten\/\",\"name\":\"Bras\u00e9ros WALFiLii en acier corten - WALFiLii\",\"isPartOf\":{\"@id\":\"https:\/\/walfilii.com\/fr\/#website\"},\"primaryImageOfPage\":{\"@id\":\"https:\/\/walfilii.com\/fr\/produit\/braseros-walfilii-en-acier-corten\/#primaryimage\"},\"image\":{\"@id\":\"https:\/\/walfilii.com\/fr\/produit\/braseros-walfilii-en-acier-corten\/#primaryimage\"},\"thumbnailUrl\":\"https:\/\/walfilii.com\/wp-content\/uploads\/2019\/03\/Walfilii-vuurschaal-Cortenstaal-tuin-terras-decoratie-design.jpg\",\"datePublished\":\"2019-06-27T15:23:27+00:00\",\"dateModified\":\"2019-08-20T12:44:35+00:00\",\"breadcrumb\":{\"@id\":\"https:\/\/walfilii.com\/fr\/produit\/braseros-walfilii-en-acier-corten\/#breadcrumb\"},\"inLanguage\":\"fr-FR\",\"potentialAction\":[{\"@type\":\"ReadAction\",\"target\":[\"https:\/\/walfilii.com\/fr\/produit\/braseros-walfilii-en-acier-corten\/\"]}]},{\"@type\":\"ImageObject\",\"inLanguage\":\"fr-FR\",\"@id\":\"https:\/\/walfilii.com\/fr\/produit\/braseros-walfilii-en-acier-corten\/#primaryimage\",\"url\":\"https:\/\/walfilii.com\/wp-content\/uploads\/2019\/03\/Walfilii-vuurschaal-Cortenstaal-tuin-terras-decoratie-design.jpg\",\"contentUrl\":\"https:\/\/walfilii.com\/wp-content\/uploads\/2019\/03\/Walfilii-vuurschaal-Cortenstaal-tuin-terras-decoratie-design.jpg\",\"width\":2000,\"height\":1055},{\"@type\":\"BreadcrumbList\",\"@id\":\"https:\/\/walfilii.com\/fr\/produit\/braseros-walfilii-en-acier-corten\/#breadcrumb\",\"itemListElement\":[{\"@type\":\"ListItem\",\"position\":1,\"name\":\"Home\",\"item\":\"https:\/\/walfilii.com\/fr\/\"},{\"@type\":\"ListItem\",\"position\":2,\"name\":\"Shop\",\"item\":\"https:\/\/walfilii.com\/shop\/\"},{\"@type\":\"ListItem\",\"position\":3,\"name\":\"Bras\u00e9ros WALFiLii en acier corten\"}]},{\"@type\":\"WebSite\",\"@id\":\"https:\/\/walfilii.com\/fr\/#website\",\"url\":\"https:\/\/walfilii.com\/fr\/\",\"name\":\"WALFiLii\",\"description\":\"Stijlvolle WALFiLii plantenbakken en vuurschalen voor tuinen, dakterrassen en openbare ruimten; gelakt roestvrij staal en Cortenstaal.\",\"publisher\":{\"@id\":\"https:\/\/walfilii.com\/fr\/#organization\"},\"potentialAction\":[{\"@type\":\"SearchAction\",\"target\":{\"@type\":\"EntryPoint\",\"urlTemplate\":\"https:\/\/walfilii.com\/fr\/?s={search_term_string}\"},\"query-input\":{\"@type\":\"PropertyValueSpecification\",\"valueRequired\":true,\"valueName\":\"search_term_string\"}}],\"inLanguage\":\"fr-FR\"},{\"@type\":\"Organization\",\"@id\":\"https:\/\/walfilii.com\/fr\/#organization\",\"name\":\"WALFiLii\",\"url\":\"https:\/\/walfilii.com\/fr\/\",\"logo\":{\"@type\":\"ImageObject\",\"inLanguage\":\"fr-FR\",\"@id\":\"https:\/\/walfilii.com\/fr\/#\/schema\/logo\/image\/\",\"url\":\"https:\/\/walfilii.com\/wp-content\/uploads\/2024\/05\/WALFiLii-logo-300x134-1.png\",\"contentUrl\":\"https:\/\/walfilii.com\/wp-content\/uploads\/2024\/05\/WALFiLii-logo-300x134-1.png\",\"width\":1200,\"height\":535,\"caption\":\"WALFiLii\"},\"image\":{\"@id\":\"https:\/\/walfilii.com\/fr\/#\/schema\/logo\/image\/\"},\"sameAs\":[\"https:\/\/www.facebook.com\/walfilii\/\",\"https:\/\/www.instagram.com\/walfilii\/\"]}]}<\/script>\n<!-- \/ Yoast SEO plugin. -->","yoast_head_json":{"title":"Bras\u00e9ros WALFiLii en acier corten - WALFiLii","robots":{"index":"index","follow":"follow","max-snippet":"max-snippet:-1","max-image-preview":"max-image-preview:large","max-video-preview":"max-video-preview:-1"},"canonical":"https:\/\/walfilii.com\/fr\/produit\/braseros-walfilii-en-acier-corten\/","og_locale":"fr_FR","og_type":"article","og_title":"Bras\u00e9ros WALFiLii en acier corten - WALFiLii","og_description":"Mat\u00e9riau:\u00a0Acier corten type A \u00c9paisseur: 3-4 mm et plus Diam\u00e8tre: 5 formats diff\u00e9rents: 80cm - 100cm - 120cm - 150cm - 200cm Hauteur: 3 hauteurs de pied diff\u00e9rentes 20cm - 60cm - 80cm   R\u00e9siste aux intemp\u00e9ries   Fait main en Belgique  Design intemporel  De longues ann\u00e9es de plaisir \u00e0 l\u2019ap\u00e9ro et au barbecue","og_url":"https:\/\/walfilii.com\/fr\/produit\/braseros-walfilii-en-acier-corten\/","og_site_name":"WALFiLii","article_publisher":"https:\/\/www.facebook.com\/walfilii\/","article_modified_time":"2019-08-20T12:44:35+00:00","og_image":[{"width":2000,"height":1055,"url":"https:\/\/walfilii.com\/wp-content\/uploads\/2019\/03\/Walfilii-vuurschaal-Cortenstaal-tuin-terras-decoratie-design.jpg","type":"image\/jpeg"}],"twitter_card":"summary_large_image","twitter_misc":{"Dur\u00e9e de lecture estim\u00e9e":"1 minute"},"schema":{"@context":"https:\/\/schema.org","@graph":[{"@type":"WebPage","@id":"https:\/\/walfilii.com\/fr\/produit\/braseros-walfilii-en-acier-corten\/","url":"https:\/\/walfilii.com\/fr\/produit\/braseros-walfilii-en-acier-corten\/","name":"Bras\u00e9ros WALFiLii en acier corten - WALFiLii","isPartOf":{"@id":"https:\/\/walfilii.com\/fr\/#website"},"primaryImageOfPage":{"@id":"https:\/\/walfilii.com\/fr\/produit\/braseros-walfilii-en-acier-corten\/#primaryimage"},"image":{"@id":"https:\/\/walfilii.com\/fr\/produit\/braseros-walfilii-en-acier-corten\/#primaryimage"},"thumbnailUrl":"https:\/\/walfilii.com\/wp-content\/uploads\/2019\/03\/Walfilii-vuurschaal-Cortenstaal-tuin-terras-decoratie-design.jpg","datePublished":"2019-06-27T15:23:27+00:00","dateModified":"2019-08-20T12:44:35+00:00","breadcrumb":{"@id":"https:\/\/walfilii.com\/fr\/produit\/braseros-walfilii-en-acier-corten\/#breadcrumb"},"inLanguage":"fr-FR","potentialAction":[{"@type":"ReadAction","target":["https:\/\/walfilii.com\/fr\/produit\/braseros-walfilii-en-acier-corten\/"]}]},{"@type":"ImageObject","inLanguage":"fr-FR","@id":"https:\/\/walfilii.com\/fr\/produit\/braseros-walfilii-en-acier-corten\/#primaryimage","url":"https:\/\/walfilii.com\/wp-content\/uploads\/2019\/03\/Walfilii-vuurschaal-Cortenstaal-tuin-terras-decoratie-design.jpg","contentUrl":"https:\/\/walfilii.com\/wp-content\/uploads\/2019\/03\/Walfilii-vuurschaal-Cortenstaal-tuin-terras-decoratie-design.jpg","width":2000,"height":1055},{"@type":"BreadcrumbList","@id":"https:\/\/walfilii.com\/fr\/produit\/braseros-walfilii-en-acier-corten\/#breadcrumb","itemListElement":[{"@type":"ListItem","position":1,"name":"Home","item":"https:\/\/walfilii.com\/fr\/"},{"@type":"ListItem","position":2,"name":"Shop","item":"https:\/\/walfilii.com\/shop\/"},{"@type":"ListItem","position":3,"name":"Bras\u00e9ros WALFiLii en acier corten"}]},{"@type":"WebSite","@id":"https:\/\/walfilii.com\/fr\/#website","url":"https:\/\/walfilii.com\/fr\/","name":"WALFiLii","description":"Stijlvolle WALFiLii plantenbakken en vuurschalen voor tuinen, dakterrassen en openbare ruimten; gelakt roestvrij staal en Cortenstaal.","publisher":{"@id":"https:\/\/walfilii.com\/fr\/#organization"},"potentialAction":[{"@type":"SearchAction","target":{"@type":"EntryPoint","urlTemplate":"https:\/\/walfilii.com\/fr\/?s={search_term_string}"},"query-input":{"@type":"PropertyValueSpecification","valueRequired":true,"valueName":"search_term_string"}}],"inLanguage":"fr-FR"},{"@type":"Organization","@id":"https:\/\/walfilii.com\/fr\/#organization","name":"WALFiLii","url":"https:\/\/walfilii.com\/fr\/","logo":{"@type":"ImageObject","inLanguage":"fr-FR","@id":"https:\/\/walfilii.com\/fr\/#\/schema\/logo\/image\/","url":"https:\/\/walfilii.com\/wp-content\/uploads\/2024\/05\/WALFiLii-logo-300x134-1.png","contentUrl":"https:\/\/walfilii.com\/wp-content\/uploads\/2024\/05\/WALFiLii-logo-300x134-1.png","width":1200,"height":535,"caption":"WALFiLii"},"image":{"@id":"https:\/\/walfilii.com\/fr\/#\/schema\/logo\/image\/"},"sameAs":["https:\/\/www.facebook.com\/walfilii\/","https:\/\/www.instagram.com\/walfilii\/"]}]}},"_links":{"self":[{"href":"https:\/\/walfilii.com\/fr\/wp-json\/wp\/v2\/product\/1000"}],"collection":[{"href":"https:\/\/walfilii.com\/fr\/wp-json\/wp\/v2\/product"}],"about":[{"href":"https:\/\/walfilii.com\/fr\/wp-json\/wp\/v2\/types\/product"}],"replies":[{"embeddable":true,"href":"https:\/\/walfilii.com\/fr\/wp-json\/wp\/v2\/comments?post=1000"}],"wp:featuredmedia":[{"embeddable":true,"href":"https:\/\/walfilii.com\/fr\/wp-json\/wp\/v2\/media\/1370"}],"wp:attachment":[{"href":"https:\/\/walfilii.com\/fr\/wp-json\/wp\/v2\/media?parent=1000"}],"wp:term":[{"taxonomy":"product_cat","embeddable":true,"href":"https:\/\/walfilii.com\/fr\/wp-json\/wp\/v2\/product_cat?post=1000"},{"taxonomy":"product_tag","embeddable":true,"href":"https:\/\/walfilii.com\/fr\/wp-json\/wp\/v2\/product_tag?post=1000"}],"curies":[{"name":"wp","href":"https:\/\/api.w.org\/{rel}","templated":true}]}}